{"id":6316,"date":"2021-02-09T17:03:19","date_gmt":"2021-02-09T16:03:19","guid":{"rendered":"http:\/\/museumunicipaldepalleja.cat\/?page_id=6316"},"modified":"2022-03-29T13:15:35","modified_gmt":"2022-03-29T11:15:35","slug":"esdeveniments","status":"publish","type":"page","link":"https:\/\/museumunicipaldepalleja.cat\/index.php\/esdeveniments\/","title":{"rendered":"Esdeveniments"},"content":{"rendered":"<p>Views: 12<\/p>\t\t<div data-elementor-type=\"wp-page\" data-elementor-id=\"6316\" class=\"elementor elementor-6316\">\n\t\t\t\t\t\t<section class=\"elementor-section elementor-top-section elementor-element elementor-element-a78d3bd elementor-section-boxed elementor-section-height-default elementor-section-height-default\" data-id=\"a78d3bd\" data-element_type=\"section\" data-e-type=\"section\">\n\t\t\t\t\t\t<div class=\"elementor-container elementor-column-gap-default\">\n\t\t\t\t\t<div class=\"elementor-column elementor-col-100 elementor-top-column elementor-element elementor-element-70bea0d\" data-id=\"70bea0d\" data-element_type=\"column\" data-e-type=\"column\">\n\t\t\t<div class=\"elementor-widget-wrap elementor-element-populated\">\n\t\t\t\t\t\t<div class=\"elementor-element elementor-element-53d9430 elementor-widget elementor-widget-ova_heading\" data-id=\"53d9430\" data-element_type=\"widget\" data-e-type=\"widget\" data-widget_type=\"ova_heading.default\">\n\t\t\t\t<div class=\"elementor-widget-container\">\n\t\t\t\t\t\t\t<div class=\"ova_heading\">\n\t\t\t\t\t\t\t<h1 class=\"heading_title second_font\">Esdeveniments<\/h1>\n\t\t\t\t\t\t\t\t<\/div>\n\t\t\t\t\t\t<\/div>\n\t\t\t\t<\/div>\n\t\t\t\t\t<\/div>\n\t\t<\/div>\n\t\t\t\t\t<\/div>\n\t\t<\/section>\n\t\t\t\t<section class=\"elementor-section elementor-top-section elementor-element elementor-element-5b21e4b elementor-section-boxed elementor-section-height-default elementor-section-height-default\" data-id=\"5b21e4b\" data-element_type=\"section\" data-e-type=\"section\">\n\t\t\t\t\t\t<div class=\"elementor-container elementor-column-gap-default\">\n\t\t\t\t\t<div class=\"elementor-column elementor-col-100 elementor-top-column elementor-element elementor-element-e20f481\" data-id=\"e20f481\" data-element_type=\"column\" data-e-type=\"column\">\n\t\t\t<div class=\"elementor-widget-wrap elementor-element-populated\">\n\t\t\t\t\t\t<div class=\"elementor-element elementor-element-428ea1f elementor-widget elementor-widget-ova_events_cat\" data-id=\"428ea1f\" data-element_type=\"widget\" data-e-type=\"widget\" data-widget_type=\"ova_events_cat.default\">\n\t\t\t\t<div class=\"elementor-widget-container\">\n\t\t\t\t\t<div class=\"archive_event type2 element  \" ><div class=\"content element-event\"><div class=\"date-event\"><span class=\"date\">06<\/span><span class=\"month-year\"><span class=\"month\">febr.<\/span><span class=\"year\">2026<\/span><\/span><\/div><div class=\"desc\"><div class=\"event-thumbnail\"><img fetchpriority=\"high\" decoding=\"async\" width=\"768\" height=\"1086\" src=\"https:\/\/museumunicipaldepalleja.cat\/wp-content\/uploads\/2026\/02\/TERTULIA_2026-768x1086.jpg\" class=\"attachment-medium_large size-medium_large wp-post-image\" alt=\"\" srcset=\"https:\/\/museumunicipaldepalleja.cat\/wp-content\/uploads\/2026\/02\/TERTULIA_2026-768x1086.jpg 768w, https:\/\/museumunicipaldepalleja.cat\/wp-content\/uploads\/2026\/02\/TERTULIA_2026-212x300.jpg 212w, https:\/\/museumunicipaldepalleja.cat\/wp-content\/uploads\/2026\/02\/TERTULIA_2026-724x1024.jpg 724w, https:\/\/museumunicipaldepalleja.cat\/wp-content\/uploads\/2026\/02\/TERTULIA_2026-1086x1536.jpg 1086w, https:\/\/museumunicipaldepalleja.cat\/wp-content\/uploads\/2026\/02\/TERTULIA_2026-1448x2048.jpg 1448w, https:\/\/museumunicipaldepalleja.cat\/wp-content\/uploads\/2026\/02\/TERTULIA_2026.jpg 1754w\" sizes=\"(max-width: 768px) 100vw, 768px\" \/><\/div><div class=\"event_post\"><div class=\"post_cat\"><span class=\"event_type\">Obert al p\u00fablic, Tert\u00falia, Xerrada<\/span><\/div><h2 class=\"second_font event_title\"><a href=\"https:\/\/museumunicipaldepalleja.cat\/index.php\/event\/elementor-10087\/\" title=\"La vida de la dona pagesa a Pallej\u00e0\">La vida de la dona pagesa a Pallej\u00e0<\/a><\/h2><div class=\"time-event\"><span>6:30 pm - <\/span><span>8:00 pm \/ <\/span><span class=\"number\">Castell de Pallej\u00e0<\/span><\/div><div class=\"button_event\"><a class=\"view_detail\" href=\"https:\/\/museumunicipaldepalleja.cat\/index.php\/event\/elementor-10087\/\">Detalls<\/a><span class=\"book btn-free\">Gratu\u00eft<\/span><\/div><\/div><\/div><\/div><div class=\"content element-event\"><div class=\"date-event\"><span class=\"date\">03<\/span><span class=\"month-year\"><span class=\"month\">maig<\/span><span class=\"year\">2024<\/span><\/span><\/div><div class=\"desc\"><div class=\"event-thumbnail\"><img decoding=\"async\" width=\"768\" height=\"1086\" src=\"https:\/\/museumunicipaldepalleja.cat\/wp-content\/uploads\/2019\/01\/cartell_oneselpont-768x1086.jpg\" class=\"attachment-medium_large size-medium_large wp-post-image\" alt=\"\" srcset=\"https:\/\/museumunicipaldepalleja.cat\/wp-content\/uploads\/2019\/01\/cartell_oneselpont-768x1086.jpg 768w, https:\/\/museumunicipaldepalleja.cat\/wp-content\/uploads\/2019\/01\/cartell_oneselpont-212x300.jpg 212w, https:\/\/museumunicipaldepalleja.cat\/wp-content\/uploads\/2019\/01\/cartell_oneselpont-724x1024.jpg 724w, https:\/\/museumunicipaldepalleja.cat\/wp-content\/uploads\/2019\/01\/cartell_oneselpont-1086x1536.jpg 1086w, https:\/\/museumunicipaldepalleja.cat\/wp-content\/uploads\/2019\/01\/cartell_oneselpont-1448x2048.jpg 1448w, https:\/\/museumunicipaldepalleja.cat\/wp-content\/uploads\/2019\/01\/cartell_oneselpont.jpg 1503w\" sizes=\"(max-width: 768px) 100vw, 768px\" \/><\/div><div class=\"event_post\"><div class=\"post_cat\"><span class=\"event_type\">Confer\u00e8ncia, Exposici\u00f3, Obert al p\u00fablic<\/span><\/div><h2 class=\"second_font event_title\"><a href=\"https:\/\/museumunicipaldepalleja.cat\/index.php\/event\/exposicio-on-es-el-pont\/\" title=\"Exposici\u00f3 &#8220;On \u00e9s el pont?&#8221;\">Exposici\u00f3 &#8220;On \u00e9s el pont?&#8221;<\/a><\/h2><div class=\"time-event\"><span>3 de maig de 2024&nbsp&#45;&nbsp8:00 pm - <\/span><span>31 de maig de 2024&nbsp&#45;&nbsp8:00 pm \/ <\/span><span class=\"number\">Pallej\u00e0<\/span><\/div><div class=\"button_event\"><a class=\"view_detail\" href=\"https:\/\/museumunicipaldepalleja.cat\/index.php\/event\/exposicio-on-es-el-pont\/\">Detalls<\/a><span class=\"book btn-free\">Gratu\u00eft<\/span><\/div><\/div><\/div><\/div><div class=\"content element-event\"><div class=\"date-event\"><span class=\"date\">18<\/span><span class=\"month-year\"><span class=\"month\">febr.<\/span><span class=\"year\">2024<\/span><\/span><\/div><div class=\"desc\"><div class=\"event-thumbnail\"><img decoding=\"async\" width=\"768\" height=\"1086\" src=\"https:\/\/museumunicipaldepalleja.cat\/wp-content\/uploads\/2024\/02\/tertuliafestamajor2024_web-768x1086.jpg\" class=\"attachment-medium_large size-medium_large wp-post-image\" alt=\"\" srcset=\"https:\/\/museumunicipaldepalleja.cat\/wp-content\/uploads\/2024\/02\/tertuliafestamajor2024_web-768x1086.jpg 768w, https:\/\/museumunicipaldepalleja.cat\/wp-content\/uploads\/2024\/02\/tertuliafestamajor2024_web-212x300.jpg 212w, https:\/\/museumunicipaldepalleja.cat\/wp-content\/uploads\/2024\/02\/tertuliafestamajor2024_web-724x1024.jpg 724w, https:\/\/museumunicipaldepalleja.cat\/wp-content\/uploads\/2024\/02\/tertuliafestamajor2024_web.jpg 835w\" sizes=\"(max-width: 768px) 100vw, 768px\" \/><\/div><div class=\"event_post\"><div class=\"post_cat\"><span class=\"event_type\">Confer\u00e8ncia, Obert al p\u00fablic, Tert\u00falia<\/span><\/div><h2 class=\"second_font event_title\"><a href=\"https:\/\/museumunicipaldepalleja.cat\/index.php\/event\/activitats-al-castell-abans-del-2000\/\" title=\"Activitats al Castell abans del 2000\">Activitats al Castell abans del 2000<\/a><\/h2><div class=\"time-event\"><span>6:00 pm - <\/span><span>9:00 pm \/ <\/span><span class=\"number\">Castell<\/span><\/div><div class=\"button_event\"><a class=\"view_detail\" href=\"https:\/\/museumunicipaldepalleja.cat\/index.php\/event\/activitats-al-castell-abans-del-2000\/\">Detalls<\/a><span class=\"book btn-free\">Gratu\u00eft<\/span><\/div><\/div><\/div><\/div><div class=\"content element-event\"><div class=\"date-event\"><span class=\"date\">17<\/span><span class=\"month-year\"><span class=\"month\">febr.<\/span><span class=\"year\">2023<\/span><\/span><\/div><div class=\"desc\"><div class=\"event-thumbnail\"><img loading=\"lazy\" decoding=\"async\" width=\"459\" height=\"650\" src=\"https:\/\/museumunicipaldepalleja.cat\/wp-content\/uploads\/2019\/01\/tertuliafestamajor2023.jpg\" class=\"attachment-medium_large size-medium_large wp-post-image\" alt=\"\" srcset=\"https:\/\/museumunicipaldepalleja.cat\/wp-content\/uploads\/2019\/01\/tertuliafestamajor2023.jpg 459w, https:\/\/museumunicipaldepalleja.cat\/wp-content\/uploads\/2019\/01\/tertuliafestamajor2023-212x300.jpg 212w\" sizes=\"(max-width: 459px) 100vw, 459px\" \/><\/div><div class=\"event_post\"><div class=\"post_cat\"><span class=\"event_type\">Confer\u00e8ncia, Obert al p\u00fablic, Tert\u00falia, Xerrada<\/span><\/div><h2 class=\"second_font event_title\"><a href=\"https:\/\/museumunicipaldepalleja.cat\/index.php\/event\/el-teatre-a-palleja\/\" title=\"El teatre a Pallej\u00e0\">El teatre a Pallej\u00e0<\/a><\/h2><div class=\"time-event\"><span>7:00 pm - <\/span><span>9:00 pm \/ <\/span><span class=\"number\">A la sala d\u2019actes del Castell<\/span><\/div><div class=\"button_event\"><a class=\"view_detail\" href=\"https:\/\/museumunicipaldepalleja.cat\/index.php\/event\/el-teatre-a-palleja\/\">Detalls<\/a><span class=\"book btn-free\">Gratu\u00eft<\/span><\/div><\/div><\/div><\/div><div class=\"content element-event\"><div class=\"date-event\"><span class=\"date\">21<\/span><span class=\"month-year\"><span class=\"month\">oct.<\/span><span class=\"year\">2022<\/span><\/span><\/div><div class=\"desc\"><div class=\"event-thumbnail\"><img loading=\"lazy\" decoding=\"async\" width=\"501\" height=\"709\" src=\"https:\/\/museumunicipaldepalleja.cat\/wp-content\/uploads\/2019\/01\/confere\u0300ncia_cami_ral_web.jpg\" class=\"attachment-medium_large size-medium_large wp-post-image\" alt=\"\" srcset=\"https:\/\/museumunicipaldepalleja.cat\/wp-content\/uploads\/2019\/01\/confere\u0300ncia_cami_ral_web.jpg 501w, https:\/\/museumunicipaldepalleja.cat\/wp-content\/uploads\/2019\/01\/confere\u0300ncia_cami_ral_web-212x300.jpg 212w\" sizes=\"(max-width: 501px) 100vw, 501px\" \/><\/div><div class=\"event_post\"><div class=\"post_cat\"><span class=\"event_type\">Confer\u00e8ncia, Obert al p\u00fablic<\/span><\/div><h2 class=\"second_font event_title\"><a href=\"https:\/\/museumunicipaldepalleja.cat\/index.php\/event\/conferencia-sobre-historia-de-palleja-el-castell-i-el-cami-ral\/\" title=\"Confer\u00e8ncia sobre hist\u00f2ria de Pallej\u00e0. El castell i el cam\u00ed ral\">Confer\u00e8ncia sobre hist\u00f2ria de Pallej\u00e0. El castell i el cam\u00ed ral<\/a><\/h2><div class=\"time-event\"><span>7:00 pm - <\/span><span>8:00 pm \/ <\/span><span class=\"number\">Pallej\u00e0<\/span><\/div><div class=\"button_event\"><a class=\"view_detail\" href=\"https:\/\/museumunicipaldepalleja.cat\/index.php\/event\/conferencia-sobre-historia-de-palleja-el-castell-i-el-cami-ral\/\">Detalls<\/a><span class=\"book btn-free\">Gratu\u00eft<\/span><\/div><\/div><\/div><\/div><div class=\"content element-event\"><div class=\"date-event\"><span class=\"date\">14<\/span><span class=\"month-year\"><span class=\"month\">maig<\/span><span class=\"year\">2022<\/span><\/span><\/div><div class=\"desc\"><div class=\"event-thumbnail\"><img loading=\"lazy\" decoding=\"async\" width=\"768\" height=\"576\" src=\"https:\/\/museumunicipaldepalleja.cat\/wp-content\/uploads\/2019\/01\/3596-768x576.jpg\" class=\"attachment-medium_large size-medium_large wp-post-image\" alt=\"\" srcset=\"https:\/\/museumunicipaldepalleja.cat\/wp-content\/uploads\/2019\/01\/3596-768x576.jpg 768w, https:\/\/museumunicipaldepalleja.cat\/wp-content\/uploads\/2019\/01\/3596-300x225.jpg 300w, https:\/\/museumunicipaldepalleja.cat\/wp-content\/uploads\/2019\/01\/3596-1024x768.jpg 1024w, https:\/\/museumunicipaldepalleja.cat\/wp-content\/uploads\/2019\/01\/3596.jpg 1333w\" sizes=\"(max-width: 768px) 100vw, 768px\" \/><\/div><div class=\"event_post\"><div class=\"post_cat\"><span class=\"event_type\">Confer\u00e8ncia, Obert al p\u00fablic<\/span><\/div><h2 class=\"second_font event_title\"><a href=\"https:\/\/museumunicipaldepalleja.cat\/index.php\/event\/25-anys-damics-del-museu-de-palleja\/\" title=\"25 anys d&#8217;Amics del Museu de Pallej\u00e0\">25 anys d&#8217;Amics del Museu de Pallej\u00e0<\/a><\/h2><div class=\"time-event\"><span>11:00 am - <\/span><span>1:00 pm \/ <\/span><span class=\"number\">Al Castell (Pallej\u00e0)<\/span><\/div><div class=\"button_event\"><a class=\"view_detail\" href=\"https:\/\/museumunicipaldepalleja.cat\/index.php\/event\/25-anys-damics-del-museu-de-palleja\/\">Detalls<\/a><span class=\"book btn-free\">Gratu\u00eft<\/span><\/div><\/div><\/div><\/div><\/div>\t\t\t\t<\/div>\n\t\t\t\t<\/div>\n\t\t\t\t\t<\/div>\n\t\t<\/div>\n\t\t\t\t\t<\/div>\n\t\t<\/section>\n\t\t\t\t<\/div>\n\t\t","protected":false},"excerpt":{"rendered":"<p>Views: 12 Esdeveniments 13febr.2022Exposici\u00f3, Obert al p\u00fablic Inauguraci\u00f3 Exposici\u00f3 Fotogr\u00e0fica 25 anys d\u2019Amics del Museu de Pallej\u00e0 12:00 pm &#8211; 3:00 pm \/ Pallej\u00e0DetallsGratu\u00eft19des.2021Exposici\u00f3 Temps de Nadal al museu 19 de desembre de 2021&#038;nbsp&#45;&#038;nbsp12:00 pm &#8211; 23 de gener de 2022&#038;nbsp&#45;&#038;nbsp12:00 pm \/ Pla\u00e7a Jacint Verdaguer, 5. Pallej\u00e0DetallsGratu\u00eft04set.2021Concert, M\u00fasica Concert a la fresca 2021 9:30 [&hellip;]<\/p>\n","protected":false},"author":1,"featured_media":0,"parent":0,"menu_order":0,"comment_status":"closed","ping_status":"closed","template":"elementor_header_footer","meta":{"footnotes":""},"class_list":["post-6316","page","type-page","status-publish","hentry"],"_links":{"self":[{"href":"https:\/\/museumunicipaldepalleja.cat\/index.php\/wp-json\/wp\/v2\/pages\/6316","targetHints":{"allow":["GET"]}}],"collection":[{"href":"https:\/\/museumunicipaldepalleja.cat\/index.php\/wp-json\/wp\/v2\/pages"}],"about":[{"href":"https:\/\/museumunicipaldepalleja.cat\/index.php\/wp-json\/wp\/v2\/types\/page"}],"author":[{"embeddable":true,"href":"https:\/\/museumunicipaldepalleja.cat\/index.php\/wp-json\/wp\/v2\/users\/1"}],"replies":[{"embeddable":true,"href":"https:\/\/museumunicipaldepalleja.cat\/index.php\/wp-json\/wp\/v2\/comments?post=6316"}],"version-history":[{"count":84,"href":"https:\/\/museumunicipaldepalleja.cat\/index.php\/wp-json\/wp\/v2\/pages\/6316\/revisions"}],"predecessor-version":[{"id":9359,"href":"https:\/\/museumunicipaldepalleja.cat\/index.php\/wp-json\/wp\/v2\/pages\/6316\/revisions\/9359"}],"wp:attachment":[{"href":"https:\/\/museumunicipaldepalleja.cat\/index.php\/wp-json\/wp\/v2\/media?parent=6316"}],"curies":[{"name":"wp","href":"https:\/\/api.w.org\/{rel}","templated":true}]}}