{"id":5999,"date":"2021-02-09T10:40:18","date_gmt":"2021-02-09T09:40:18","guid":{"rendered":"http:\/\/museumunicipaldepalleja.cat\/?page_id=5999"},"modified":"2021-07-01T09:46:47","modified_gmt":"2021-07-01T07:46:47","slug":"primera-planta","status":"publish","type":"page","link":"https:\/\/museumunicipaldepalleja.cat\/index.php\/primera-planta\/","title":{"rendered":"Primera planta"},"content":{"rendered":"<p>Views: 116<\/p>\t\t<div data-elementor-type=\"wp-page\" data-elementor-id=\"5999\" class=\"elementor elementor-5999\">\n\t\t\t\t\t\t<section class=\"elementor-section elementor-top-section elementor-element elementor-element-425b167 elementor-section-full_width elementor-section-height-default elementor-section-height-default\" data-id=\"425b167\" data-element_type=\"section\" data-e-type=\"section\">\n\t\t\t\t\t\t<div class=\"elementor-container elementor-column-gap-default\">\n\t\t\t\t\t<div class=\"elementor-column elementor-col-100 elementor-top-column elementor-element elementor-element-ee4badb\" data-id=\"ee4badb\" data-element_type=\"column\" data-e-type=\"column\">\n\t\t\t<div class=\"elementor-widget-wrap elementor-element-populated\">\n\t\t\t\t\t\t<div class=\"elementor-element elementor-element-5f170be elementor-widget elementor-widget-ova_heading_page\" data-id=\"5f170be\" data-element_type=\"widget\" data-e-type=\"widget\" data-widget_type=\"ova_heading_page.default\">\n\t\t\t\t<div class=\"elementor-widget-container\">\n\t\t\t\t\t\n\t\t<section class=\"heading-page\" style=\"background-image: url(https:\/\/museumunicipaldepalleja.cat\/wp-content\/uploads\/2019\/01\/Primeraplanta01.jpg)\" >\n\t\t\t<div class=\"container\">\n\t\t\t\t<div class=\"cta-content\">\n\t\t\t\t\t\t\t\t\t\t\t<h2 class=\"second_font\">La masia Museu<\/h2>\n\t\t\t\t\t\t\t\t\t\t\n\t\t\t\t<\/div>\n\t\t\t<\/div>\n\t\t<\/section>\n\n\t\t\t\t\t<\/div>\n\t\t\t\t<\/div>\n\t\t\t\t\t<\/div>\n\t\t<\/div>\n\t\t\t\t\t<\/div>\n\t\t<\/section>\n\t\t\t\t<section class=\"elementor-section elementor-top-section elementor-element elementor-element-0049565 elementor-section-boxed elementor-section-height-default elementor-section-height-default\" data-id=\"0049565\" data-element_type=\"section\" data-e-type=\"section\">\n\t\t\t\t\t\t<div class=\"elementor-container elementor-column-gap-default\">\n\t\t\t\t\t<div class=\"elementor-column elementor-col-100 elementor-top-column elementor-element elementor-element-159cbe7\" data-id=\"159cbe7\" data-element_type=\"column\" data-e-type=\"column\">\n\t\t\t<div class=\"elementor-widget-wrap elementor-element-populated\">\n\t\t\t\t\t\t<div class=\"elementor-element elementor-element-3edd8a5 elementor-widget elementor-widget-ova_heading\" data-id=\"3edd8a5\" data-element_type=\"widget\" data-e-type=\"widget\" data-widget_type=\"ova_heading.default\">\n\t\t\t\t<div class=\"elementor-widget-container\">\n\t\t\t\t\t\t\t<div class=\"ova_heading\">\n\t\t\t\t\t\t\t<h1 class=\"heading_title second_font\">Primera planta<\/h1>\n\t\t\t\t\t\t\t\t<\/div>\n\t\t\t\t\t\t<\/div>\n\t\t\t\t<\/div>\n\t\t\t\t<div class=\"elementor-element elementor-element-9cf0436 elementor-widget elementor-widget-text-editor\" data-id=\"9cf0436\" data-element_type=\"widget\" data-e-type=\"widget\" data-widget_type=\"text-editor.default\">\n\t\t\t\t<div class=\"elementor-widget-container\">\n\t\t\t\t\t\t\t\t\t<h6 class=\"p1\"><span class=\"s1\"><b>Sala central<\/b><\/span><\/h6><p class=\"p1\"><span class=\"s1\">Totes les masies disposaven d\u2019una sala central, situada a la primera planta. Servia de comunicaci\u00f3 entre les diverses depend\u00e8ncies. Era el lloc destinat al mobiliari de m\u00e9s qualitat de la casa i objectes art\u00edstics. S\u2019hi solien celebrar les festivitats i els esdeveniments importants de la fam\u00edlia. A les grans masies, hi acostumaven a tenir prestatges amb llibres.<\/span><\/p>\t\t\t\t\t\t\t\t<\/div>\n\t\t\t\t<\/div>\n\t\t\t\t\t<\/div>\n\t\t<\/div>\n\t\t\t\t\t<\/div>\n\t\t<\/section>\n\t\t\t\t<section class=\"elementor-section elementor-top-section elementor-element elementor-element-036c5ed elementor-section-boxed elementor-section-height-default elementor-section-height-default\" data-id=\"036c5ed\" data-element_type=\"section\" data-e-type=\"section\">\n\t\t\t\t\t\t<div class=\"elementor-container elementor-column-gap-default\">\n\t\t\t\t\t<div class=\"elementor-column elementor-col-100 elementor-top-column elementor-element elementor-element-d31f76c\" data-id=\"d31f76c\" data-element_type=\"column\" data-e-type=\"column\">\n\t\t\t<div class=\"elementor-widget-wrap elementor-element-populated\">\n\t\t\t\t\t\t<div class=\"elementor-element elementor-element-af721c2 elementor-widget elementor-widget-image\" data-id=\"af721c2\" data-element_type=\"widget\" data-e-type=\"widget\" data-widget_type=\"image.default\">\n\t\t\t\t<div class=\"elementor-widget-container\">\n\t\t\t\t\t\t\t\t\t\t\t\t\t\t\t<img fetchpriority=\"high\" decoding=\"async\" width=\"661\" height=\"441\" src=\"https:\/\/museumunicipaldepalleja.cat\/wp-content\/uploads\/2019\/01\/Primeraplanta05.jpg\" class=\"attachment-medium_large size-medium_large wp-image-8120\" alt=\"\" srcset=\"https:\/\/museumunicipaldepalleja.cat\/wp-content\/uploads\/2019\/01\/Primeraplanta05.jpg 661w, https:\/\/museumunicipaldepalleja.cat\/wp-content\/uploads\/2019\/01\/Primeraplanta05-300x200.jpg 300w, https:\/\/museumunicipaldepalleja.cat\/wp-content\/uploads\/2019\/01\/Primeraplanta05-600x400.jpg 600w\" sizes=\"(max-width: 661px) 100vw, 661px\" \/>\t\t\t\t\t\t\t\t\t\t\t\t\t\t\t<\/div>\n\t\t\t\t<\/div>\n\t\t\t\t\t<\/div>\n\t\t<\/div>\n\t\t\t\t\t<\/div>\n\t\t<\/section>\n\t\t\t\t<section class=\"elementor-section elementor-top-section elementor-element elementor-element-bcbb54c elementor-section-boxed elementor-section-height-default elementor-section-height-default\" data-id=\"bcbb54c\" data-element_type=\"section\" data-e-type=\"section\">\n\t\t\t\t\t\t<div class=\"elementor-container elementor-column-gap-default\">\n\t\t\t\t\t<div class=\"elementor-column elementor-col-100 elementor-top-column elementor-element elementor-element-3153897\" data-id=\"3153897\" data-element_type=\"column\" data-e-type=\"column\">\n\t\t\t<div class=\"elementor-widget-wrap elementor-element-populated\">\n\t\t\t\t\t\t<div class=\"elementor-element elementor-element-e8fd38c elementor-widget elementor-widget-text-editor\" data-id=\"e8fd38c\" data-element_type=\"widget\" data-e-type=\"widget\" data-widget_type=\"text-editor.default\">\n\t\t\t\t<div class=\"elementor-widget-container\">\n\t\t\t\t\t\t\t\t\t<h6 class=\"p1\"><span class=\"s1\"><b>Dormitori<\/b><\/span><\/h6><p class=\"p1\"><span class=\"s1\">Originalment constava de dos espais: sala i alcova. (A causa de les obres de consolidaci\u00f3 de l\u2019edifici s\u2019ha redu\u00eft la superf\u00edcie de les dues estances.)<\/span><\/p><p class=\"p1\"><span class=\"s1\">S\u2019hi exposen mobles de diverses \u00e8poques i estils, a m\u00e9s d\u2019una part del fons de peces de roba del museu.<\/span><\/p>\t\t\t\t\t\t\t\t<\/div>\n\t\t\t\t<\/div>\n\t\t\t\t\t<\/div>\n\t\t<\/div>\n\t\t\t\t\t<\/div>\n\t\t<\/section>\n\t\t\t\t<section class=\"elementor-section elementor-top-section elementor-element elementor-element-d4cbeaa elementor-section-boxed elementor-section-height-default elementor-section-height-default\" data-id=\"d4cbeaa\" data-element_type=\"section\" data-e-type=\"section\">\n\t\t\t\t\t\t<div class=\"elementor-container elementor-column-gap-default\">\n\t\t\t\t\t<div class=\"elementor-column elementor-col-100 elementor-top-column elementor-element elementor-element-8ae369a\" data-id=\"8ae369a\" data-element_type=\"column\" data-e-type=\"column\">\n\t\t\t<div class=\"elementor-widget-wrap elementor-element-populated\">\n\t\t\t\t\t\t<div class=\"elementor-element elementor-element-01cc30b elementor-widget elementor-widget-image-gallery\" data-id=\"01cc30b\" data-element_type=\"widget\" data-e-type=\"widget\" data-widget_type=\"image-gallery.default\">\n\t\t\t\t<div class=\"elementor-widget-container\">\n\t\t\t\t\t\t\t<div class=\"elementor-image-gallery\">\n\t\t\t\n\t\t<style type=\"text\/css\">\n\t\t\t#gallery-1 {\n\t\t\t\tmargin: auto;\n\t\t\t}\n\t\t\t#gallery-1 .gallery-item {\n\t\t\t\tfloat: left;\n\t\t\t\tmargin-top: 10px;\n\t\t\t\ttext-align: center;\n\t\t\t\twidth: 100%;\n\t\t\t}\n\t\t\t#gallery-1 img {\n\t\t\t\tborder: 2px solid #cfcfcf;\n\t\t\t}\n\t\t\t#gallery-1 .gallery-caption {\n\t\t\t\tmargin-left: 0;\n\t\t\t}\n\t\t\t\/* see gallery_shortcode() in wp-includes\/media.php *\/\n\t\t<\/style>\n\t\t<div id='gallery-1' class='gallery galleryid-5999 gallery-columns-1 gallery-size-large'><dl class='gallery-item'>\n\t\t\t<dt class='gallery-icon landscape'>\n\t\t\t\t<a data-elementor-open-lightbox=\"yes\" data-elementor-lightbox-slideshow=\"01cc30b\" data-elementor-lightbox-title=\"Primeraplanta09\" data-e-action-hash=\"#elementor-action%3Aaction%3Dlightbox%26settings%3DeyJpZCI6ODEyNCwidXJsIjoiaHR0cHM6XC9cL211c2V1bXVuaWNpcGFsZGVwYWxsZWphLmNhdFwvd3AtY29udGVudFwvdXBsb2Fkc1wvMjAxOVwvMDFcL1ByaW1lcmFwbGFudGEwOS5qcGciLCJzbGlkZXNob3ciOiIwMWNjMzBiIn0%3D\" href='https:\/\/museumunicipaldepalleja.cat\/wp-content\/uploads\/2019\/01\/Primeraplanta09.jpg'><img decoding=\"async\" width=\"661\" height=\"441\" src=\"https:\/\/museumunicipaldepalleja.cat\/wp-content\/uploads\/2019\/01\/Primeraplanta09.jpg\" class=\"attachment-large size-large\" alt=\"\" srcset=\"https:\/\/museumunicipaldepalleja.cat\/wp-content\/uploads\/2019\/01\/Primeraplanta09.jpg 661w, https:\/\/museumunicipaldepalleja.cat\/wp-content\/uploads\/2019\/01\/Primeraplanta09-300x200.jpg 300w, https:\/\/museumunicipaldepalleja.cat\/wp-content\/uploads\/2019\/01\/Primeraplanta09-600x400.jpg 600w\" sizes=\"(max-width: 661px) 100vw, 661px\" \/><\/a>\n\t\t\t<\/dt><\/dl><br style=\"clear: both\" \/>\n\t\t<\/div>\n\t\t<\/div>\n\t\t\t\t\t\t<\/div>\n\t\t\t\t<\/div>\n\t\t\t\t\t<\/div>\n\t\t<\/div>\n\t\t\t\t\t<\/div>\n\t\t<\/section>\n\t\t\t\t<section class=\"elementor-section elementor-top-section elementor-element elementor-element-aeffef3 elementor-section-boxed elementor-section-height-default elementor-section-height-default\" data-id=\"aeffef3\" data-element_type=\"section\" data-e-type=\"section\">\n\t\t\t\t\t\t<div class=\"elementor-container elementor-column-gap-default\">\n\t\t\t\t\t<div class=\"elementor-column elementor-col-100 elementor-top-column elementor-element elementor-element-ab2caf2\" data-id=\"ab2caf2\" data-element_type=\"column\" data-e-type=\"column\">\n\t\t\t<div class=\"elementor-widget-wrap elementor-element-populated\">\n\t\t\t\t\t\t<div class=\"elementor-element elementor-element-f7e837e elementor-widget elementor-widget-text-editor\" data-id=\"f7e837e\" data-element_type=\"widget\" data-e-type=\"widget\" data-widget_type=\"text-editor.default\">\n\t\t\t\t<div class=\"elementor-widget-container\">\n\t\t\t\t\t\t\t\t\t<h6 class=\"p1\"><span class=\"s1\"><b>Cosidor<\/b><\/span><\/h6><p class=\"p1\"><span class=\"s1\">Antigament aquesta estan\u00e7a era un dormitori. En una determinada \u00e8poca, en aquesta cambra, donaven a llum les dones de la fam\u00edlia.<\/span><\/p><p class=\"p1\"><span class=\"s1\">Les feines de cosir eren habituals en totes les cases. El museu t\u00e9 un fons important d\u2019objectes relacionats amb l\u2019ofici de les modistes.<\/span><\/p>\t\t\t\t\t\t\t\t<\/div>\n\t\t\t\t<\/div>\n\t\t\t\t\t<\/div>\n\t\t<\/div>\n\t\t\t\t\t<\/div>\n\t\t<\/section>\n\t\t\t\t<section class=\"elementor-section elementor-top-section elementor-element elementor-element-9585b7f elementor-section-boxed elementor-section-height-default elementor-section-height-default\" data-id=\"9585b7f\" data-element_type=\"section\" data-e-type=\"section\">\n\t\t\t\t\t\t<div class=\"elementor-container elementor-column-gap-default\">\n\t\t\t\t\t<div class=\"elementor-column elementor-col-100 elementor-top-column elementor-element elementor-element-1fc9431\" data-id=\"1fc9431\" data-element_type=\"column\" data-e-type=\"column\">\n\t\t\t<div class=\"elementor-widget-wrap elementor-element-populated\">\n\t\t\t\t\t\t<div class=\"elementor-element elementor-element-b5d8718 elementor-widget elementor-widget-image-gallery\" data-id=\"b5d8718\" data-element_type=\"widget\" data-e-type=\"widget\" data-widget_type=\"image-gallery.default\">\n\t\t\t\t<div class=\"elementor-widget-container\">\n\t\t\t\t\t\t\t<div class=\"elementor-image-gallery\">\n\t\t\t\n\t\t<style type=\"text\/css\">\n\t\t\t#gallery-2 {\n\t\t\t\tmargin: auto;\n\t\t\t}\n\t\t\t#gallery-2 .gallery-item {\n\t\t\t\tfloat: left;\n\t\t\t\tmargin-top: 10px;\n\t\t\t\ttext-align: center;\n\t\t\t\twidth: 100%;\n\t\t\t}\n\t\t\t#gallery-2 img {\n\t\t\t\tborder: 2px solid #cfcfcf;\n\t\t\t}\n\t\t\t#gallery-2 .gallery-caption {\n\t\t\t\tmargin-left: 0;\n\t\t\t}\n\t\t\t\/* see gallery_shortcode() in wp-includes\/media.php *\/\n\t\t<\/style>\n\t\t<div id='gallery-2' class='gallery galleryid-5999 gallery-columns-1 gallery-size-large'><dl class='gallery-item'>\n\t\t\t<dt class='gallery-icon landscape'>\n\t\t\t\t<a data-elementor-open-lightbox=\"yes\" data-elementor-lightbox-slideshow=\"b5d8718\" data-elementor-lightbox-title=\"Primeraplanta01\" data-e-action-hash=\"#elementor-action%3Aaction%3Dlightbox%26settings%3DeyJpZCI6ODExOCwidXJsIjoiaHR0cHM6XC9cL211c2V1bXVuaWNpcGFsZGVwYWxsZWphLmNhdFwvd3AtY29udGVudFwvdXBsb2Fkc1wvMjAxOVwvMDFcL1ByaW1lcmFwbGFudGEwMS5qcGciLCJzbGlkZXNob3ciOiJiNWQ4NzE4In0%3D\" href='https:\/\/museumunicipaldepalleja.cat\/wp-content\/uploads\/2019\/01\/Primeraplanta01.jpg'><img decoding=\"async\" width=\"661\" height=\"441\" src=\"https:\/\/museumunicipaldepalleja.cat\/wp-content\/uploads\/2019\/01\/Primeraplanta01.jpg\" class=\"attachment-large size-large\" alt=\"\" srcset=\"https:\/\/museumunicipaldepalleja.cat\/wp-content\/uploads\/2019\/01\/Primeraplanta01.jpg 661w, https:\/\/museumunicipaldepalleja.cat\/wp-content\/uploads\/2019\/01\/Primeraplanta01-300x200.jpg 300w, https:\/\/museumunicipaldepalleja.cat\/wp-content\/uploads\/2019\/01\/Primeraplanta01-600x400.jpg 600w\" sizes=\"(max-width: 661px) 100vw, 661px\" \/><\/a>\n\t\t\t<\/dt><\/dl><br style=\"clear: both\" \/>\n\t\t<\/div>\n\t\t<\/div>\n\t\t\t\t\t\t<\/div>\n\t\t\t\t<\/div>\n\t\t\t\t\t<\/div>\n\t\t<\/div>\n\t\t\t\t\t<\/div>\n\t\t<\/section>\n\t\t\t\t<section class=\"elementor-section elementor-top-section elementor-element elementor-element-77ca850 elementor-section-boxed elementor-section-height-default elementor-section-height-default\" data-id=\"77ca850\" data-element_type=\"section\" data-e-type=\"section\">\n\t\t\t\t\t\t<div class=\"elementor-container elementor-column-gap-default\">\n\t\t\t\t\t<div class=\"elementor-column elementor-col-100 elementor-top-column elementor-element elementor-element-9302883\" data-id=\"9302883\" data-element_type=\"column\" data-e-type=\"column\">\n\t\t\t<div class=\"elementor-widget-wrap elementor-element-populated\">\n\t\t\t\t\t\t<div class=\"elementor-element elementor-element-3ff16bb elementor-widget elementor-widget-text-editor\" data-id=\"3ff16bb\" data-element_type=\"widget\" data-e-type=\"widget\" data-widget_type=\"text-editor.default\">\n\t\t\t\t<div class=\"elementor-widget-container\">\n\t\t\t\t\t\t\t\t\t<h6 class=\"p1\"><span class=\"s1\"><b>Oratori<\/b><\/span><\/h6><p class=\"p1\"><span class=\"s1\">Aquesta sala era l\u2019oratori de la casa. Durant un temps la fam\u00edlia Albareda va tenir perm\u00eds per celebrar-hi actes religiosos.<\/span><\/p><p class=\"p1\"><span class=\"s1\">El museu compta amb una extensa varietat d\u2019objectes religiosos, de diferent antiguitat i qualitat art\u00edstica.<\/span><\/p>\t\t\t\t\t\t\t\t<\/div>\n\t\t\t\t<\/div>\n\t\t\t\t\t<\/div>\n\t\t<\/div>\n\t\t\t\t\t<\/div>\n\t\t<\/section>\n\t\t\t\t<section class=\"elementor-section elementor-top-section elementor-element elementor-element-5e19212 elementor-section-boxed elementor-section-height-default elementor-section-height-default\" data-id=\"5e19212\" data-element_type=\"section\" data-e-type=\"section\">\n\t\t\t\t\t\t<div class=\"elementor-container elementor-column-gap-default\">\n\t\t\t\t\t<div class=\"elementor-column elementor-col-100 elementor-top-column elementor-element elementor-element-0b1fa03\" data-id=\"0b1fa03\" data-element_type=\"column\" data-e-type=\"column\">\n\t\t\t<div class=\"elementor-widget-wrap elementor-element-populated\">\n\t\t\t\t\t\t<div class=\"elementor-element elementor-element-3c432c0 elementor-widget elementor-widget-image\" data-id=\"3c432c0\" data-element_type=\"widget\" data-e-type=\"widget\" data-widget_type=\"image.default\">\n\t\t\t\t<div class=\"elementor-widget-container\">\n\t\t\t\t\t\t\t\t\t\t\t\t\t\t\t<img loading=\"lazy\" decoding=\"async\" width=\"661\" height=\"441\" src=\"https:\/\/museumunicipaldepalleja.cat\/wp-content\/uploads\/2019\/01\/Primeraplanta13.jpg\" class=\"attachment-medium_large size-medium_large wp-image-8127\" alt=\"\" srcset=\"https:\/\/museumunicipaldepalleja.cat\/wp-content\/uploads\/2019\/01\/Primeraplanta13.jpg 661w, https:\/\/museumunicipaldepalleja.cat\/wp-content\/uploads\/2019\/01\/Primeraplanta13-300x200.jpg 300w, https:\/\/museumunicipaldepalleja.cat\/wp-content\/uploads\/2019\/01\/Primeraplanta13-600x400.jpg 600w\" sizes=\"(max-width: 661px) 100vw, 661px\" \/>\t\t\t\t\t\t\t\t\t\t\t\t\t\t\t<\/div>\n\t\t\t\t<\/div>\n\t\t\t\t\t<\/div>\n\t\t<\/div>\n\t\t\t\t\t<\/div>\n\t\t<\/section>\n\t\t\t\t<section class=\"elementor-section elementor-top-section elementor-element elementor-element-a19544c elementor-section-boxed elementor-section-height-default elementor-section-height-default\" data-id=\"a19544c\" data-element_type=\"section\" data-e-type=\"section\">\n\t\t\t\t\t\t<div class=\"elementor-container elementor-column-gap-default\">\n\t\t\t\t\t<div class=\"elementor-column elementor-col-100 elementor-top-column elementor-element elementor-element-ca27224\" data-id=\"ca27224\" data-element_type=\"column\" data-e-type=\"column\">\n\t\t\t<div class=\"elementor-widget-wrap elementor-element-populated\">\n\t\t\t\t\t\t<div class=\"elementor-element elementor-element-4e2be64 elementor-widget elementor-widget-text-editor\" data-id=\"4e2be64\" data-element_type=\"widget\" data-e-type=\"widget\" data-widget_type=\"text-editor.default\">\n\t\t\t\t<div class=\"elementor-widget-container\">\n\t\t\t\t\t\t\t\t\t<h6 class=\"p1\"><span class=\"s1\"><b>Sala polivalent<\/b><\/span><\/h6><p class=\"p1\"><span class=\"s1\">Ocupa dues habitacions de l\u2019antiga masia. S\u2019ha projectat com a sala d\u2019exposicions peri\u00f2diques de temes diversos del fons muse\u00edstic. T\u00e9 tamb\u00e9 la funci\u00f3 d\u2019espai d\u2019audiovisuals.<\/span><\/p>\t\t\t\t\t\t\t\t<\/div>\n\t\t\t\t<\/div>\n\t\t\t\t\t<\/div>\n\t\t<\/div>\n\t\t\t\t\t<\/div>\n\t\t<\/section>\n\t\t\t\t<section class=\"elementor-section elementor-top-section elementor-element elementor-element-665f0d9 elementor-section-boxed elementor-section-height-default elementor-section-height-default\" data-id=\"665f0d9\" data-element_type=\"section\" data-e-type=\"section\">\n\t\t\t\t\t\t<div class=\"elementor-container elementor-column-gap-default\">\n\t\t\t\t\t<div class=\"elementor-column elementor-col-100 elementor-top-column elementor-element elementor-element-494ae26\" data-id=\"494ae26\" data-element_type=\"column\" data-e-type=\"column\">\n\t\t\t<div class=\"elementor-widget-wrap elementor-element-populated\">\n\t\t\t\t\t\t<div class=\"elementor-element elementor-element-70a5feb elementor-widget elementor-widget-image\" data-id=\"70a5feb\" data-element_type=\"widget\" data-e-type=\"widget\" data-widget_type=\"image.default\">\n\t\t\t\t<div class=\"elementor-widget-container\">\n\t\t\t\t\t\t\t\t\t\t\t\t\t\t\t<img loading=\"lazy\" decoding=\"async\" width=\"661\" height=\"441\" src=\"https:\/\/museumunicipaldepalleja.cat\/wp-content\/uploads\/2019\/01\/Primeraplanta11.jpg\" class=\"attachment-medium_large size-medium_large wp-image-8126\" alt=\"\" srcset=\"https:\/\/museumunicipaldepalleja.cat\/wp-content\/uploads\/2019\/01\/Primeraplanta11.jpg 661w, https:\/\/museumunicipaldepalleja.cat\/wp-content\/uploads\/2019\/01\/Primeraplanta11-300x200.jpg 300w, https:\/\/museumunicipaldepalleja.cat\/wp-content\/uploads\/2019\/01\/Primeraplanta11-600x400.jpg 600w\" sizes=\"(max-width: 661px) 100vw, 661px\" \/>\t\t\t\t\t\t\t\t\t\t\t\t\t\t\t<\/div>\n\t\t\t\t<\/div>\n\t\t\t\t\t<\/div>\n\t\t<\/div>\n\t\t\t\t\t<\/div>\n\t\t<\/section>\n\t\t\t\t<\/div>\n\t\t","protected":false},"excerpt":{"rendered":"<p>Views: 116 La masia Museu Primera planta Sala central Totes les masies disposaven d\u2019una sala central, situada a la primera planta. Servia de comunicaci\u00f3 entre les diverses depend\u00e8ncies. Era el lloc destinat al mobiliari de m\u00e9s qualitat de la casa i objectes art\u00edstics. S\u2019hi solien celebrar les festivitats i els esdeveniments importants de la fam\u00edlia. [&hellip;]<\/p>\n","protected":false},"author":1,"featured_media":0,"parent":0,"menu_order":0,"comment_status":"closed","ping_status":"closed","template":"elementor_header_footer","meta":{"footnotes":""},"class_list":["post-5999","page","type-page","status-publish","hentry"],"_links":{"self":[{"href":"https:\/\/museumunicipaldepalleja.cat\/index.php\/wp-json\/wp\/v2\/pages\/5999","targetHints":{"allow":["GET"]}}],"collection":[{"href":"https:\/\/museumunicipaldepalleja.cat\/index.php\/wp-json\/wp\/v2\/pages"}],"about":[{"href":"https:\/\/museumunicipaldepalleja.cat\/index.php\/wp-json\/wp\/v2\/types\/page"}],"author":[{"embeddable":true,"href":"https:\/\/museumunicipaldepalleja.cat\/index.php\/wp-json\/wp\/v2\/users\/1"}],"replies":[{"embeddable":true,"href":"https:\/\/museumunicipaldepalleja.cat\/index.php\/wp-json\/wp\/v2\/comments?post=5999"}],"version-history":[{"count":184,"href":"https:\/\/museumunicipaldepalleja.cat\/index.php\/wp-json\/wp\/v2\/pages\/5999\/revisions"}],"predecessor-version":[{"id":8663,"href":"https:\/\/museumunicipaldepalleja.cat\/index.php\/wp-json\/wp\/v2\/pages\/5999\/revisions\/8663"}],"wp:attachment":[{"href":"https:\/\/museumunicipaldepalleja.cat\/index.php\/wp-json\/wp\/v2\/media?parent=5999"}],"curies":[{"name":"wp","href":"https:\/\/api.w.org\/{rel}","templated":true}]}}