{"id":2469,"date":"2019-01-31T06:28:56","date_gmt":"2019-01-31T06:28:56","guid":{"rendered":"http:\/\/demo.ovathemes.com\/muzze\/?page_id=2469"},"modified":"2021-07-01T11:37:32","modified_gmt":"2021-07-01T09:37:32","slug":"exposicions-temporals","status":"publish","type":"page","link":"https:\/\/museumunicipaldepalleja.cat\/index.php\/exposicions-temporals\/","title":{"rendered":"Exposicions"},"content":{"rendered":"<p>Views: 245<\/p>\t\t<div data-elementor-type=\"wp-post\" data-elementor-id=\"2469\" class=\"elementor elementor-2469\">\n\t\t\t\t\t\t<section class=\"elementor-section elementor-top-section elementor-element elementor-element-6d73039 elementor-section-boxed elementor-section-height-default elementor-section-height-default\" data-id=\"6d73039\" data-element_type=\"section\" data-e-type=\"section\">\n\t\t\t\t\t\t<div class=\"elementor-container elementor-column-gap-default\">\n\t\t\t\t\t<div class=\"elementor-column elementor-col-100 elementor-top-column elementor-element elementor-element-ca349ac\" data-id=\"ca349ac\" data-element_type=\"column\" data-e-type=\"column\">\n\t\t\t<div class=\"elementor-widget-wrap elementor-element-populated\">\n\t\t\t\t\t\t<div class=\"elementor-element elementor-element-202b4cf elementor-widget elementor-widget-heading\" data-id=\"202b4cf\" data-element_type=\"widget\" data-e-type=\"widget\" data-widget_type=\"heading.default\">\n\t\t\t\t<div class=\"elementor-widget-container\">\n\t\t\t\t\t<h1 class=\"elementor-heading-title elementor-size-default\">Exposicions<\/h1>\t\t\t\t<\/div>\n\t\t\t\t<\/div>\n\t\t\t\t\t<\/div>\n\t\t<\/div>\n\t\t\t\t\t<\/div>\n\t\t<\/section>\n\t\t\t\t<section class=\"elementor-section elementor-top-section elementor-element elementor-element-18bc84d elementor-section-boxed elementor-section-height-default elementor-section-height-default\" data-id=\"18bc84d\" data-element_type=\"section\" data-e-type=\"section\">\n\t\t\t\t\t\t<div class=\"elementor-container elementor-column-gap-default\">\n\t\t\t\t\t<div class=\"elementor-column elementor-col-100 elementor-top-column elementor-element elementor-element-2b1f7cc\" data-id=\"2b1f7cc\" data-element_type=\"column\" data-e-type=\"column\">\n\t\t\t<div class=\"elementor-widget-wrap elementor-element-populated\">\n\t\t\t\t\t\t<div class=\"elementor-element elementor-element-bf3c0fa elementor-widget elementor-widget-text-editor\" data-id=\"bf3c0fa\" data-element_type=\"widget\" data-e-type=\"widget\" data-widget_type=\"text-editor.default\">\n\t\t\t\t<div class=\"elementor-widget-container\">\n\t\t\t\t\t\t\t\t\t<p><span style=\"color: #888888;\">Aqu\u00ed podreu veure les darreres exposicions que ha fet el Museu municipal de Pallej\u00e0 a partir del fons del mateix museu i de donacions de la gent de Pallej\u00e0.<\/span><\/p>\t\t\t\t\t\t\t\t<\/div>\n\t\t\t\t<\/div>\n\t\t\t\t\t<\/div>\n\t\t<\/div>\n\t\t\t\t\t<\/div>\n\t\t<\/section>\n\t\t\t\t<section class=\"elementor-section elementor-top-section elementor-element elementor-element-14003c5c elementor-section-boxed elementor-section-height-default elementor-section-height-default\" data-id=\"14003c5c\" data-element_type=\"section\" data-e-type=\"section\">\n\t\t\t\t\t\t<div class=\"elementor-container elementor-column-gap-default\">\n\t\t\t\t\t<div class=\"elementor-column elementor-col-100 elementor-top-column elementor-element elementor-element-c9e7c15\" data-id=\"c9e7c15\" data-element_type=\"column\" data-e-type=\"column\">\n\t\t\t<div class=\"elementor-widget-wrap elementor-element-populated\">\n\t\t\t\t\t\t<div class=\"elementor-element elementor-element-7484d00 elementor-widget elementor-widget-ovaex_exhibition_ajax\" data-id=\"7484d00\" data-element_type=\"widget\" data-e-type=\"widget\" data-widget_type=\"ovaex_exhibition_ajax.default\">\n\t\t\t\t<div class=\"elementor-widget-container\">\n\t\t\t\t\t\n\t\t<div class=\"exhibition_arc\">\n\t\t\t<div class=\"wrap-content element-arc\">\n\t\t\t\t<ul class=\"nav nav-tabs\">\n\t\t\t\t\t<li class=\"nav-item exhibition_tab_item\">\n\t\t\t\t\t\t<a class=\"nav-link active\" \n\t\t\t\t\t\t\thref=\"#current\" \n\t\t\t\t\t\t\trole=\"tab\" \n\t\t\t\t\t\t\tdata-toggle=\"tab\" \n\t\t\t\t\t\t\tdata-behav=\"tab\" \n\t\t\t\t\t\t\tdata-type_action=\"current\" \n\t\t\t\t\t\t\tdata-post=\"exhibition\" \n\t\t\t\t\t\t\tdata-perpage=\"2\" \n\t\t\t\t\t\t\tdata-paged=\"1\" \n\t\t\t\t\t\t\tdata-order-by=\"ex_start_date\" \n\t\t\t\t\t\t\tdata-order=\"DESC\" \n\t\t\t\t\t\t\tdata-columns=\"list\" \n\t\t\t\t\t\t\tdata-upcoming=\"1000\" \n\t\t\t\t\t\t\tdata-categories=\"&quot;&quot;\" \n\t\t\t\t\t\t\tdata-artist=\"\">\n\t\t\t\t\t\t\tActual\t\t\t\t\t\t<\/a>\n\t\t\t\t\t<\/li>\n\t\t\t\t\t<li class=\"nav-item exhibition_tab_item\">\n\t\t\t\t\t\t<a class=\"nav-link\" \n\t\t\t\t\t\t\thref=\"#\" \n\t\t\t\t\t\t\trole=\"tab\" \n\t\t\t\t\t\t\tdata-paged=\"1\" \n\t\t\t\t\t\t\tdata-toggle=\"tab\" \n\t\t\t\t\t\t\tdata-behav=\"tab\" \n\t\t\t\t\t\t\tdata-type_action=\"upcoming\" \n\t\t\t\t\t\t\tdata-post=\"exhibition\" \n\t\t\t\t\t\t\tdata-perpage=\"2\" \n\t\t\t\t\t\t\tdata-order-by=\"ex_start_date\" \n\t\t\t\t\t\t\tdata-order=\"DESC\" \n\t\t\t\t\t\t\tdata-columns=\"list\" \n\t\t\t\t\t\t\tdata-upcoming=\"1000\" \n\t\t\t\t\t\t\tdata-categories=\"&quot;&quot;\" \n\t\t\t\t\t\t\tdata-artist=\"\">\n\t\t\t\t\t\t\tproperament\t\t\t\t\t\t<\/a>\n\t\t\t\t\t<\/li>\n\t\t\t\t\t<li class=\"nav-item exhibition_tab_item\">\n\t\t\t\t\t\t<a class=\"nav-link\" \n\t\t\t\t\t\t\thref=\"#past\" \n\t\t\t\t\t\t\trole=\"tab\" \n\t\t\t\t\t\t\tdata-paged=\"1\" \n\t\t\t\t\t\t\tdata-behav=\"tab\" \n\t\t\t\t\t\t\tdata-toggle=\"tab\" \n\t\t\t\t\t\t\tdata-type_action=\"past\" \n\t\t\t\t\t\t\tdata-post=\"exhibition\" \n\t\t\t\t\t\t\tdata-perpage=\"2\" \n\t\t\t\t\t\t\tdata-order-by=\"ex_start_date\" \n\t\t\t\t\t\t\tdata-order=\"DESC\" \n\t\t\t\t\t\t\tdata-columns=\"list\" \n\t\t\t\t\t\t\tdata-upcoming=\"1000\" \n\t\t\t\t\t\t\tdata-categories=\"&quot;&quot;\" \n\t\t\t\t\t\t\tdata-artist=\"\">\n\t\t\t\t\t\t\tpassat\t\t\t\t\t\t<\/a>\n\t\t\t\t\t<\/li>\n\t\t\t\t<\/ul>\n\t\t\t\t<div class=\"tab-content\">\n\t\t\t\t\t\t\t\t\t<\/div>           \t\n\t\t\t<\/div>\n\t\t\t<div class=\"ova_more_post\" \n\t\t\t\tdata-behav=\"load\" \n\t\t\t\tdata-type_action=\"current\" \n\t\t\t\tdata-paged=\"2\" \n\t\t\t\tdata-post=\"exhibition\" \n\t\t\t\tdata-perpage=\"2\" \n\t\t\t\tdata-order-by=\"ex_start_date\" \n\t\t\t\tdata-order=\"DESC\" \n\t\t\t\tdata-columns=\"list\" \n\t\t\t\tdata-upcoming=\"1000\" \n\t\t\t\tdata-categories=\"&quot;&quot;\" \n\t\t\t\tdata-artist=\"\">\n\t\t\t\t<span class=\"load-more\">Veure m\u00e9s<\/span>\n\t\t\t\t<img decoding=\"async\" class=\"image-loadmore\" src=\"https:\/\/museumunicipaldepalleja.cat\/wp-content\/plugins\/ova-exhibition\/\/assets\/img\/loadmore.GIF\" alt=\"loadmore\">\n\t\t\t<\/div>\n\t\t\t<div class=\"ova-nodata\"><span>Sense data<\/span><\/div>\n\t\t<\/div>\n\t\t\t\t\t<\/div>\n\t\t\t\t<\/div>\n\t\t\t\t\t<\/div>\n\t\t<\/div>\n\t\t\t\t\t<\/div>\n\t\t<\/section>\n\t\t\t\t<\/div>\n\t\t","protected":false},"excerpt":{"rendered":"<p>Views: 245 Exposicions Aqu\u00ed podreu veure les darreres exposicions que ha fet el Museu municipal de Pallej\u00e0 a partir del fons del mateix museu i de donacions de la gent de Pallej\u00e0. Actual properament passat Donacions que fan museu febr. 12, 2020 &#8211; febr. 12, 2022 Veure m\u00e9s Sense data<\/p>\n","protected":false},"author":1,"featured_media":0,"parent":0,"menu_order":0,"comment_status":"closed","ping_status":"closed","template":"elementor_header_footer","meta":{"footnotes":""},"class_list":["post-2469","page","type-page","status-publish","hentry"],"_links":{"self":[{"href":"https:\/\/museumunicipaldepalleja.cat\/index.php\/wp-json\/wp\/v2\/pages\/2469","targetHints":{"allow":["GET"]}}],"collection":[{"href":"https:\/\/museumunicipaldepalleja.cat\/index.php\/wp-json\/wp\/v2\/pages"}],"about":[{"href":"https:\/\/museumunicipaldepalleja.cat\/index.php\/wp-json\/wp\/v2\/types\/page"}],"author":[{"embeddable":true,"href":"https:\/\/museumunicipaldepalleja.cat\/index.php\/wp-json\/wp\/v2\/users\/1"}],"replies":[{"embeddable":true,"href":"https:\/\/museumunicipaldepalleja.cat\/index.php\/wp-json\/wp\/v2\/comments?post=2469"}],"version-history":[{"count":60,"href":"https:\/\/museumunicipaldepalleja.cat\/index.php\/wp-json\/wp\/v2\/pages\/2469\/revisions"}],"predecessor-version":[{"id":8670,"href":"https:\/\/museumunicipaldepalleja.cat\/index.php\/wp-json\/wp\/v2\/pages\/2469\/revisions\/8670"}],"wp:attachment":[{"href":"https:\/\/museumunicipaldepalleja.cat\/index.php\/wp-json\/wp\/v2\/media?parent=2469"}],"curies":[{"name":"wp","href":"https:\/\/api.w.org\/{rel}","templated":true}]}}