{"id":133,"date":"2019-01-14T04:25:27","date_gmt":"2019-01-14T04:25:27","guid":{"rendered":"http:\/\/demo.ovathemes.com\/muzze\/?page_id=133"},"modified":"2023-04-16T12:00:59","modified_gmt":"2023-04-16T10:00:59","slug":"about-mission-and-history","status":"publish","type":"page","link":"https:\/\/museumunicipaldepalleja.cat\/index.php\/about-mission-and-history\/","title":{"rendered":"El Museu"},"content":{"rendered":"<p>Views: 308<\/p>\t\t<div data-elementor-type=\"wp-post\" data-elementor-id=\"133\" class=\"elementor elementor-133\">\n\t\t\t\t\t\t<section class=\"elementor-section elementor-top-section elementor-element elementor-element-87b6ee7 elementor-section-full_width elementor-section-height-default elementor-section-height-default\" data-id=\"87b6ee7\" data-element_type=\"section\" data-e-type=\"section\">\n\t\t\t\t\t\t<div class=\"elementor-container elementor-column-gap-default\">\n\t\t\t\t\t<div class=\"elementor-column elementor-col-100 elementor-top-column elementor-element elementor-element-96fa290\" data-id=\"96fa290\" data-element_type=\"column\" data-e-type=\"column\" data-settings=\"{&quot;background_background&quot;:&quot;classic&quot;}\">\n\t\t\t<div class=\"elementor-widget-wrap elementor-element-populated\">\n\t\t\t\t\t\t<div class=\"elementor-element elementor-element-62bd1ae elementor-widget elementor-widget-ova_heading_page\" data-id=\"62bd1ae\" data-element_type=\"widget\" data-e-type=\"widget\" data-widget_type=\"ova_heading_page.default\">\n\t\t\t\t<div class=\"elementor-widget-container\">\n\t\t\t\t\t\n\t\t<section class=\"heading-page\" style=\"background-image: url(https:\/\/museumunicipaldepalleja.cat\/wp-content\/uploads\/2021\/02\/portal_museu_home.jpg)\" >\n\t\t\t<div class=\"container\">\n\t\t\t\t<div class=\"cta-content\">\n\t\t\t\t\t\t\t\t\t\t\t<h2 class=\"second_font\">El Museu<\/h2>\n\t\t\t\t\t\t\t\t\t\t\n\t\t\t\t<\/div>\n\t\t\t<\/div>\n\t\t<\/section>\n\n\t\t\t\t\t<\/div>\n\t\t\t\t<\/div>\n\t\t\t\t\t<\/div>\n\t\t<\/div>\n\t\t\t\t\t<\/div>\n\t\t<\/section>\n\t\t\t\t<section class=\"elementor-section elementor-top-section elementor-element elementor-element-1b4b9e9 elementor-section-boxed elementor-section-height-default elementor-section-height-default\" data-id=\"1b4b9e9\" data-element_type=\"section\" data-e-type=\"section\">\n\t\t\t\t\t\t<div class=\"elementor-container elementor-column-gap-default\">\n\t\t\t\t\t<div class=\"elementor-column elementor-col-100 elementor-top-column elementor-element elementor-element-17c78b2\" data-id=\"17c78b2\" data-element_type=\"column\" data-e-type=\"column\">\n\t\t\t<div class=\"elementor-widget-wrap elementor-element-populated\">\n\t\t\t\t\t\t<div class=\"elementor-element elementor-element-7da3671 elementor-widget elementor-widget-ova_heading\" data-id=\"7da3671\" data-element_type=\"widget\" data-e-type=\"widget\" data-widget_type=\"ova_heading.default\">\n\t\t\t\t<div class=\"elementor-widget-container\">\n\t\t\t\t\t\t\t<div class=\"ova_heading\">\n\t\t\t\t\t\t\t<h1 class=\"heading_title second_font\">Qui som<\/h1>\n\t\t\t\t\t\t\t\t<\/div>\n\t\t\t\t\t\t<\/div>\n\t\t\t\t<\/div>\n\t\t\t\t<div class=\"elementor-element elementor-element-d75a32f line-height-32 elementor-widget elementor-widget-text-editor\" data-id=\"d75a32f\" data-element_type=\"widget\" data-e-type=\"widget\" data-widget_type=\"text-editor.default\">\n\t\t\t\t<div class=\"elementor-widget-container\">\n\t\t\t\t\t\t\t\t\tEl Museu Municipal de Pallej\u00e0, situat a la masia de ca l\u2019Albareda, del 1615, \u00e9s una eina de divulgaci\u00f3 del passat de Pallej\u00e0 i de les formes de vida quotidiana, principalment la vinculada a la pagesia, activitat molt important fins a la segona meitat del segle <span style=\"font-variant: small-caps;\">xx<\/span>. No \u00e9s nom\u00e9s una exposici\u00f3 d\u2019objectes relacionats amb la hist\u00f2ria del poble, sin\u00f3 que, situats en l\u2019\u00e0mbit en qu\u00e8 s\u2019utilitzaven, aporten una visi\u00f3 etnol\u00f2gica i antropol\u00f2gica excepcional ja que la casa conserva amb for\u00e7a fidelitat el seu car\u00e0cter original.\t\t\t\t\t\t\t\t<\/div>\n\t\t\t\t<\/div>\n\t\t\t\t<div class=\"elementor-element elementor-element-0e6ba57 elementor-widget elementor-widget-spacer\" data-id=\"0e6ba57\" data-element_type=\"widget\" data-e-type=\"widget\" data-widget_type=\"spacer.default\">\n\t\t\t\t<div class=\"elementor-widget-container\">\n\t\t\t\t\t\t\t<div class=\"elementor-spacer\">\n\t\t\t<div class=\"elementor-spacer-inner\"><\/div>\n\t\t<\/div>\n\t\t\t\t\t\t<\/div>\n\t\t\t\t<\/div>\n\t\t\t\t\t<\/div>\n\t\t<\/div>\n\t\t\t\t\t<\/div>\n\t\t<\/section>\n\t\t\t\t<section class=\"elementor-section elementor-top-section elementor-element elementor-element-0868a1c elementor-section-boxed elementor-section-height-default elementor-section-height-default\" data-id=\"0868a1c\" data-element_type=\"section\" data-e-type=\"section\" data-settings=\"{&quot;background_background&quot;:&quot;classic&quot;}\">\n\t\t\t\t\t\t<div class=\"elementor-container elementor-column-gap-default\">\n\t\t\t\t\t<div class=\"elementor-column elementor-col-100 elementor-top-column elementor-element elementor-element-67e8338\" data-id=\"67e8338\" data-element_type=\"column\" data-e-type=\"column\">\n\t\t\t<div class=\"elementor-widget-wrap elementor-element-populated\">\n\t\t\t\t\t\t<div class=\"elementor-element elementor-element-bc48bfa elementor-widget elementor-widget-ova_heading\" data-id=\"bc48bfa\" data-element_type=\"widget\" data-e-type=\"widget\" data-widget_type=\"ova_heading.default\">\n\t\t\t\t<div class=\"elementor-widget-container\">\n\t\t\t\t\t\t\t<div class=\"ova_heading\">\n\t\t\t\t\t\t\t<h1 class=\"heading_title second_font\">Hist\u00f2ria del museu   <\/h1>\n\t\t\t\t\t\t\t\t<\/div>\n\t\t\t\t\t\t<\/div>\n\t\t\t\t<\/div>\n\t\t\t\t<div class=\"elementor-element elementor-element-8d8dc01 line-height-32 elementor-widget__width-initial elementor-widget elementor-widget-text-editor\" data-id=\"8d8dc01\" data-element_type=\"widget\" data-e-type=\"widget\" data-widget_type=\"text-editor.default\">\n\t\t\t\t<div class=\"elementor-widget-container\">\n\t\t\t\t\t\t\t\t\t<p>El 1974, el Grup Recerca, format per Albert Massegur i un grup de joves del poble, van comen\u00e7ar a recollir peces diverses, des de troballes arqueol\u00f2giques fins a eines destinades al treball del camp i tota classe d\u2019objectes procedents d\u2019una casa antiga que es va enderrocar\u00a0 amb la voluntat de fer con\u00e8ixer i divulgar el passat de Pallej\u00e0. No tenien local i es van guardar en una petita vitrina a les golfes de l\u2019Ajuntament, fins que l\u2019any 1978, Amics del Castell se\u2019n va fer c\u00e0rrec, i amb la col\u00b7laboraci\u00f3 de l\u2019Ajuntament, la van exposar al Castell. Aquell primer museu es va poder visitar fins al 1995, quan van comen\u00e7ar les obres de rehabilitaci\u00f3 d\u2019aquest edifici. Van ser uns anys que, malgrat no tenir seu, el museu va continuar fent la seva tasca de divulgaci\u00f3, estudi i conservaci\u00f3, i tamb\u00e9 va dur a terme diverses exposicions. L\u2019any 2000 es va instal\u00b7lar provisionalment en un local municipal, al carrer de Sant Francesc, que actualment \u00e9s el celler del Museu. Finalment, el 2008, es va inaugurar a la masia de ca l\u2019Albareda.<\/p>\t\t\t\t\t\t\t\t<\/div>\n\t\t\t\t<\/div>\n\t\t\t\t\t<\/div>\n\t\t<\/div>\n\t\t\t\t\t<\/div>\n\t\t<\/section>\n\t\t\t\t<section class=\"elementor-section elementor-top-section elementor-element elementor-element-121815f elementor-section-boxed elementor-section-height-default elementor-section-height-default\" data-id=\"121815f\" data-element_type=\"section\" data-e-type=\"section\">\n\t\t\t\t\t\t<div class=\"elementor-container elementor-column-gap-default\">\n\t\t\t\t\t<div class=\"elementor-column elementor-col-100 elementor-top-column elementor-element elementor-element-336d51a\" data-id=\"336d51a\" data-element_type=\"column\" data-e-type=\"column\">\n\t\t\t<div class=\"elementor-widget-wrap elementor-element-populated\">\n\t\t\t\t\t\t<div class=\"elementor-element elementor-element-037de04 elementor-widget elementor-widget-ova_heading\" data-id=\"037de04\" data-element_type=\"widget\" data-e-type=\"widget\" data-widget_type=\"ova_heading.default\">\n\t\t\t\t<div class=\"elementor-widget-container\">\n\t\t\t\t\t\t\t<div class=\"ova_heading\">\n\t\t\t\t\t\t\t<h1 class=\"heading_title second_font\">Amics del Museu de Pallej\u00e0<\/h1>\n\t\t\t\t\t\t\t\t<\/div>\n\t\t\t\t\t\t<\/div>\n\t\t\t\t<\/div>\n\t\t\t\t<div class=\"elementor-element elementor-element-448ddfd elementor-widget elementor-widget-text-editor\" data-id=\"448ddfd\" data-element_type=\"widget\" data-e-type=\"widget\" data-widget_type=\"text-editor.default\">\n\t\t\t\t<div class=\"elementor-widget-container\">\n\t\t\t\t\t\t\t\t\t<p style=\"letter-spacing: 0.2px;\">El 1996 en dissoldre&#8217;s Amics del Castell, va n\u00e9ixer l\u2019entitat Amics del Museu de Pallej\u00e0, que a partir d\u2019aleshores es va fer c\u00e0rrec de la gesti\u00f3 del museu. Amb un bon nombre de socis i col\u00b7laboradors, duu a terme tasques de restauraci\u00f3 de peces, catalogaci\u00f3 de documents i fotografies, promoci\u00f3 i conservaci\u00f3 del museu, entre altres.<\/p><p style=\"letter-spacing: 0.2px;\">Gr\u00e0cies a la confian\u00e7a dels donants, a l\u2019ajut de l\u2019Ajuntament, al guiatge de persones vinculades a museus de la comarca i al descobriment d\u2019alguns jaciments arqueol\u00f2gics dins el terme municipal (la cova de la Guineu i la vil\u00b7la romana de ca l\u2019Esplugues), Amics del Museu de Pallej\u00e0 contribueix que el poble tingui avui un museu.\u00a0<\/p>\t\t\t\t\t\t\t\t<\/div>\n\t\t\t\t<\/div>\n\t\t\t\t<div class=\"elementor-element elementor-element-c57a7c1 elementor-widget elementor-widget-text-editor\" data-id=\"c57a7c1\" data-element_type=\"widget\" data-e-type=\"widget\" data-widget_type=\"text-editor.default\">\n\t\t\t\t<div class=\"elementor-widget-container\">\n\t\t\t\t\t\t\t\t\t<p><strong>Tasca d\u2019Amics del Museu<\/strong><\/p><p>Col\u00b7laboraci\u00f3 amb l\u2019Ajuntament en la gesti\u00f3 del Museu Municipal de Pallej\u00e0, conservaci\u00f3 i millora del patrimoni del Museu i organitzaci\u00f3 d\u2019activitats culturals d\u2019\u00e0mbit muse\u00edstic i divulgaci\u00f3 del patrimoni de Pallej\u00e0.<\/p><p><strong>Socis d\u2019Amics del Museu<\/strong><\/p><p>Els socis tenen descomptes en les sortides i reben informacions d\u2019activitats i les publicacions del Museu.<\/p><p><strong>Quota anual:<\/strong> soci individual, 20 \u20ac; soci familiar: 30 \u20ac.<\/p><p>Si vols fer-te\u2019n soci, envia\u2019ns les teves dades.<\/p>\t\t\t\t\t\t\t\t<\/div>\n\t\t\t\t<\/div>\n\t\t\t\t<div class=\"elementor-element elementor-element-78a9923 elementor-align-center elementor-widget elementor-widget-button\" data-id=\"78a9923\" data-element_type=\"widget\" data-e-type=\"widget\" data-widget_type=\"button.default\">\n\t\t\t\t<div class=\"elementor-widget-container\">\n\t\t\t\t\t\t\t\t\t<div class=\"elementor-button-wrapper\">\n\t\t\t\t\t<a class=\"elementor-button elementor-button-link elementor-size-sm\" href=\"https:\/\/museumunicipaldepalleja.cat\/index.php\/contact\/\">\n\t\t\t\t\t\t<span class=\"elementor-button-content-wrapper\">\n\t\t\t\t\t\t\t\t\t<span class=\"elementor-button-text\">Enviar les dades<\/span>\n\t\t\t\t\t<\/span>\n\t\t\t\t\t<\/a>\n\t\t\t\t<\/div>\n\t\t\t\t\t\t\t\t<\/div>\n\t\t\t\t<\/div>\n\t\t\t\t<div class=\"elementor-element elementor-element-d0364e6 elementor-widget elementor-widget-image\" data-id=\"d0364e6\" data-element_type=\"widget\" data-e-type=\"widget\" data-widget_type=\"image.default\">\n\t\t\t\t<div class=\"elementor-widget-container\">\n\t\t\t\t\t\t\t\t\t\t\t\t\t\t\t<img decoding=\"async\" width=\"150\" height=\"150\" src=\"https:\/\/museumunicipaldepalleja.cat\/wp-content\/uploads\/2021\/02\/amics-del-museu-150x150.jpg\" class=\"attachment-thumbnail size-thumbnail wp-image-5675\" alt=\"\" srcset=\"https:\/\/museumunicipaldepalleja.cat\/wp-content\/uploads\/2021\/02\/amics-del-museu-150x150.jpg 150w, https:\/\/museumunicipaldepalleja.cat\/wp-content\/uploads\/2021\/02\/amics-del-museu-300x300.jpg 300w, https:\/\/museumunicipaldepalleja.cat\/wp-content\/uploads\/2021\/02\/amics-del-museu-100x100.jpg 100w\" sizes=\"(max-width: 150px) 100vw, 150px\" \/>\t\t\t\t\t\t\t\t\t\t\t\t\t\t\t<\/div>\n\t\t\t\t<\/div>\n\t\t\t\t\t<\/div>\n\t\t<\/div>\n\t\t\t\t\t<\/div>\n\t\t<\/section>\n\t\t\t\t<section class=\"elementor-section elementor-top-section elementor-element elementor-element-1e8f5b1 elementor-section-boxed elementor-section-height-default elementor-section-height-default\" data-id=\"1e8f5b1\" data-element_type=\"section\" data-e-type=\"section\">\n\t\t\t\t\t\t<div class=\"elementor-container elementor-column-gap-default\">\n\t\t\t\t\t<div class=\"elementor-column elementor-col-50 elementor-top-column elementor-element elementor-element-ee6256e\" data-id=\"ee6256e\" data-element_type=\"column\" data-e-type=\"column\">\n\t\t\t<div class=\"elementor-widget-wrap elementor-element-populated\">\n\t\t\t\t\t\t\t<\/div>\n\t\t<\/div>\n\t\t\t\t<div class=\"elementor-column elementor-col-50 elementor-top-column elementor-element elementor-element-78fc7c1\" data-id=\"78fc7c1\" data-element_type=\"column\" data-e-type=\"column\">\n\t\t\t<div class=\"elementor-widget-wrap elementor-element-populated\">\n\t\t\t\t\t\t\t<\/div>\n\t\t<\/div>\n\t\t\t\t\t<\/div>\n\t\t<\/section>\n\t\t\t\t<\/div>\n\t\t","protected":false},"excerpt":{"rendered":"<p>Views: 308 El Museu Qui som El Museu Municipal de Pallej\u00e0, situat a la masia de ca l\u2019Albareda, del 1615, \u00e9s una eina de divulgaci\u00f3 del passat de Pallej\u00e0 i de les formes de vida quotidiana, principalment la vinculada a la pagesia, activitat molt important fins a la segona meitat del segle xx. No \u00e9s [&hellip;]<\/p>\n","protected":false},"author":1,"featured_media":0,"parent":0,"menu_order":0,"comment_status":"closed","ping_status":"closed","template":"elementor_header_footer","meta":{"footnotes":""},"class_list":["post-133","page","type-page","status-publish","hentry"],"_links":{"self":[{"href":"https:\/\/museumunicipaldepalleja.cat\/index.php\/wp-json\/wp\/v2\/pages\/133","targetHints":{"allow":["GET"]}}],"collection":[{"href":"https:\/\/museumunicipaldepalleja.cat\/index.php\/wp-json\/wp\/v2\/pages"}],"about":[{"href":"https:\/\/museumunicipaldepalleja.cat\/index.php\/wp-json\/wp\/v2\/types\/page"}],"author":[{"embeddable":true,"href":"https:\/\/museumunicipaldepalleja.cat\/index.php\/wp-json\/wp\/v2\/users\/1"}],"replies":[{"embeddable":true,"href":"https:\/\/museumunicipaldepalleja.cat\/index.php\/wp-json\/wp\/v2\/comments?post=133"}],"version-history":[{"count":285,"href":"https:\/\/museumunicipaldepalleja.cat\/index.php\/wp-json\/wp\/v2\/pages\/133\/revisions"}],"predecessor-version":[{"id":9608,"href":"https:\/\/museumunicipaldepalleja.cat\/index.php\/wp-json\/wp\/v2\/pages\/133\/revisions\/9608"}],"wp:attachment":[{"href":"https:\/\/museumunicipaldepalleja.cat\/index.php\/wp-json\/wp\/v2\/media?parent=133"}],"curies":[{"name":"wp","href":"https:\/\/api.w.org\/{rel}","templated":true}]}}